{"id":2396,"date":"2023-12-06T09:59:57","date_gmt":"2023-12-06T08:59:57","guid":{"rendered":"https:\/\/www.21equipment.com\/ligne-cosmetique-21\/"},"modified":"2024-02-06T09:48:27","modified_gmt":"2024-02-06T08:48:27","slug":"ligne-cosmetique-21","status":"publish","type":"page","link":"https:\/\/www.21equipment.com\/fr\/ligne-cosmetique-21\/","title":{"rendered":"Ligne cosm\u00e9tique 21"},"content":{"rendered":"<section class=\"l-section wpb_row us_custom_34d5ee31 height_large width_full\"><div class=\"l-section-h i-cf\"><div class=\"g-cols vc_row via_grid cols_1 laptops-cols_inherit tablets-cols_inherit mobiles-cols_1 valign_top type_default stacking_default\"><div class=\"wpb_column vc_column_container\"><div class=\"vc_column-inner\">\n\t\t\t<!-- START linea21FRA REVOLUTION SLIDER 6.6.18 --><p class=\"rs-p-wp-fix\"><\/p>\n\t\t\t<rs-module-wrap id=\"rev_slider_11_1_wrapper\" data-source=\"gallery\" style=\"visibility:hidden;background:transparent;padding:0;background-image:url(https:\/\/www.21equipment.com\/wp-content\/uploads\/2024\/02\/LINEA-21.jpg);background-repeat:no-repeat;background-size:cover;background-position:center center;\">\n\t\t\t\t<rs-module id=\"rev_slider_11_1\" style=\"\" data-version=\"6.6.18\">\n\t\t\t\t\t<rs-slides style=\"overflow: hidden; position: absolute;\">\n\t\t\t\t\t\t<rs-slide style=\"position: absolute;\" data-key=\"rs-12\" data-title=\"Slide\" data-anim=\"ms:2070;\" data-in=\"o:1;\" data-out=\"a:false;\">\n\t\t\t\t\t\t\t<img decoding=\"async\" src=\"\/\/www.21equipment.com\/wp-content\/plugins\/revslider\/public\/assets\/assets\/dummy.png\" alt=\"\" title=\"Ligne cosm\u00e9tique 21\" class=\"rev-slidebg tp-rs-img rs-lazyload\" data-lazyload=\"\/\/www.21equipment.com\/wp-content\/plugins\/revslider\/public\/assets\/assets\/transparent.png\" data-no-retina>\n\t\t\t\t\t\t\t<rs-bgvideo \n\t\t\t\t\t\t\t\tdata-video=\"vc:none;w:100%;h:100%;nse:false;sat:true;l:true;ptimer:false;\"\n\t\t\t\t\t\t\t\tdata-vimeoid=\"905975235\"\n\t\t\t\t\t\t\t\tdata-vatr=\"background=1&amp;title=0&amp;byline=0&amp;portrait=0&amp;api=1\"\n\t\t\t\t\t\t\t><\/rs-bgvideo>\n<!--\n\t\t\t\t\t\t\t--><rs-layer\n\t\t\t\t\t\t\t\tid=\"slider-11-slide-12-layer-2\" \n\t\t\t\t\t\t\t\tdata-type=\"text\"\n\t\t\t\t\t\t\t\tdata-color=\"#fff\"\n\t\t\t\t\t\t\t\tdata-rsp_ch=\"on\"\n\t\t\t\t\t\t\t\tdata-xy=\"x:8px;y:394px;\"\n\t\t\t\t\t\t\t\tdata-text=\"w:normal;s:82;l:103;fw:900;\"\n\t\t\t\t\t\t\t\tdata-dim=\"w:883px;\"\n\t\t\t\t\t\t\t\tdata-frame_999=\"o:0;st:w;\"\n\t\t\t\t\t\t\t\tstyle=\"z-index:6;font-family:'Roboto';text-transform:uppercase;\"\n\t\t\t\t\t\t\t>Ligne cosm\u00e9tique 21 \n\t\t\t\t\t\t\t<\/rs-layer><!--\n-->\t\t\t\t\t\t<\/rs-slide>\n\t\t\t\t\t<\/rs-slides>\n\t\t\t\t<\/rs-module>\n\t\t\t\t<script>\n\t\t\t\t\tsetREVStartSize({c: 'rev_slider_11_1',rl:[1240,1024,778,480],el:[700],gw:[900],gh:[700],type:'hero',justify:'',layout:'fullscreen',offsetContainer:'',offset:'',mh:\"0\"});if (window.RS_MODULES!==undefined && window.RS_MODULES.modules!==undefined && window.RS_MODULES.modules[\"revslider111\"]!==undefined) {window.RS_MODULES.modules[\"revslider111\"].once = false;window.revapi11 = undefined;if (window.RS_MODULES.checkMinimal!==undefined) window.RS_MODULES.checkMinimal()}\n\t\t\t\t<\/script>\n\t\t\t<\/rs-module-wrap>\n\t\t\t<!-- END REVOLUTION SLIDER -->\n<\/div><\/div><\/div><\/div><\/section><section class=\"l-section wpb_row us_custom_38ec8cf5 height_medium width_full\"><div class=\"l-section-h i-cf\"><div class=\"g-cols vc_row via_grid cols_1 laptops-cols_inherit tablets-cols_inherit mobiles-cols_1 valign_top type_default stacking_default\"><div class=\"wpb_column vc_column_container\"><div class=\"vc_column-inner\"><div class=\"w-separator us_custom_bf55735c size_medium has_font_size with_line width_50 thick_1 style_solid color_text align_center with_text with_content\"><div class=\"w-separator-h\"><div class=\"w-separator-text\"><span>Parcourez nos produits<\/span><\/div><\/div><\/div><nav class=\"w-menu layout_hor spread style_blocks us_menu_1\" style=\"--main-gap:0.3rem;--main-ver-indent:0.6em;--main-hor-indent:0.6em;--main-bg-color:rgba(0,0,0,0.1);--main-color:var(--color-content-primary);--main-hover-bg-color:var(--color-content-secondary);--main-hover-color:#ffffff;--main-active-bg-color:rgba(21,149,148,0.75);--main-active-color:#ffffff;\"><ul id=\"menu-menu-linea-cosmetica-21-fr\" class=\"menu\"><li id=\"menu-item-2842\" class=\"menu-item menu-item-type-custom menu-item-object-custom menu-item-2842\"><a href=\"\/fr\/ligne-cosmetique-21\/#gel-cell\">Gel cell<\/a><\/li><li id=\"menu-item-2843\" class=\"menu-item menu-item-type-custom menu-item-object-custom menu-item-2843\"><a href=\"\/fr\/ligne-cosmetique-21\/#gel-raffermissant\">Gel raffermissant<\/a><\/li><li id=\"menu-item-2844\" class=\"menu-item menu-item-type-custom menu-item-object-custom menu-item-2844\"><a href=\"\/fr\/ligne-cosmetique-21\/#gel-lifting\">Gel lifting<\/a><\/li><li id=\"menu-item-2845\" class=\"menu-item menu-item-type-custom menu-item-object-custom menu-item-2845\"><a href=\"\/fr\/ligne-cosmetique-21\/#gel-cellules-meristematiques\">Gel cellules m\u00e9rist\u00e9matiques<\/a><\/li><li id=\"menu-item-2846\" class=\"menu-item menu-item-type-custom menu-item-object-custom menu-item-2846\"><a href=\"\/fr\/ligne-cosmetique-21\/#gel-oxygene\">Gel oxyg\u00e8ne<\/a><\/li><li id=\"menu-item-2847\" class=\"menu-item menu-item-type-custom menu-item-object-custom menu-item-2847\"><a href=\"\/fr\/ligne-cosmetique-21\/#filler-collagene\">Filler collag\u00e8ne<\/a><\/li><li id=\"menu-item-2848\" class=\"menu-item menu-item-type-custom menu-item-object-custom menu-item-2848\"><a href=\"\/fr\/ligne-cosmetique-21\/#gel-apaisant\">Gel apaisant<\/a><\/li><li id=\"menu-item-2849\" class=\"menu-item menu-item-type-custom menu-item-object-custom menu-item-2849\"><a href=\"\/fr\/ligne-cosmetique-21\/#serum-vitaminique\">S\u00e9rum vitaminique<\/a><\/li><li id=\"menu-item-2850\" class=\"menu-item menu-item-type-custom menu-item-object-custom menu-item-2850\"><a href=\"\/fr\/ligne-cosmetique-21\/#fluide-adjuvant\">Fluide adjuvant<\/a><\/li><li id=\"menu-item-2851\" class=\"menu-item menu-item-type-custom menu-item-object-custom menu-item-2851\"><a href=\"\/fr\/ligne-cosmetique-21\/#blanco\">Blanco by Ro<\/a><\/li><li id=\"menu-item-2852\" class=\"menu-item menu-item-type-custom menu-item-object-custom menu-item-2852\"><a href=\"\/fr\/ligne-cosmetique-21\/#cell-plus\">Cell plus<\/a><\/li><li id=\"menu-item-2853\" class=\"menu-item menu-item-type-custom menu-item-object-custom menu-item-2853\"><a href=\"\/fr\/ligne-cosmetique-21\/#tone-plus\">Tone Plus<\/a><\/li><li id=\"menu-item-2854\" class=\"menu-item menu-item-type-custom menu-item-object-custom menu-item-2854\"><a href=\"\/fr\/ligne-cosmetique-21\/#contour-yeux\">Contour des yeux<\/a><\/li><li id=\"menu-item-2855\" class=\"menu-item menu-item-type-custom menu-item-object-custom menu-item-2855\"><a href=\"\/fr\/ligne-cosmetique-21\/#gel-jambes-defaticant\">Gel jambes d\u00e9faticant<\/a><\/li><li id=\"menu-item-2856\" class=\"menu-item menu-item-type-custom menu-item-object-custom menu-item-2856\"><a href=\"\/fr\/ligne-cosmetique-21\/#premier-lait\">Premier lait<\/a><\/li><li id=\"menu-item-2857\" class=\"menu-item menu-item-type-custom menu-item-object-custom menu-item-2857\"><a href=\"\/fr\/ligne-cosmetique-21\/#creme-arnica\">Cr\u00e8me arnica<\/a><\/li><li id=\"menu-item-2858\" class=\"menu-item menu-item-type-custom menu-item-object-custom menu-item-2858\"><a href=\"\/fr\/ligne-cosmetique-21\/#gel-aloe-menthol\">Gel aloe et menthol<\/a><\/li><li id=\"menu-item-2859\" class=\"menu-item menu-item-type-custom menu-item-object-custom menu-item-2859\"><a href=\"\/fr\/ligne-cosmetique-21\/#creme-decongestionnante\">Cr\u00e8me d\u00e9congestionnante<\/a><\/li><li id=\"menu-item-2860\" class=\"menu-item menu-item-type-custom menu-item-object-custom menu-item-2860\"><a href=\"\/fr\/ligne-cosmetique-21\/#creme-multi-active\">Cr\u00e8me multi active<\/a><\/li><li id=\"menu-item-2861\" class=\"menu-item menu-item-type-custom menu-item-object-custom menu-item-2861\"><a href=\"\/fr\/ligne-cosmetique-21\/#creme-fil-or\">Cr\u00e8me fil &#038; or<\/a><\/li><li id=\"menu-item-2862\" class=\"menu-item menu-item-type-custom menu-item-object-custom menu-item-2862\"><a href=\"\/fr\/ligne-cosmetique-21\/#creme-50\">Cr\u00e8me +50<\/a><\/li><li id=\"menu-item-2863\" class=\"menu-item menu-item-type-custom menu-item-object-custom menu-item-2863\"><a href=\"\/fr\/ligne-cosmetique-21\/#creme-compacte\">Cr\u00e8me compacte<\/a><\/li><li id=\"menu-item-2864\" class=\"menu-item menu-item-type-custom menu-item-object-custom menu-item-2864\"><a href=\"\/fr\/ligne-cosmetique-21\/#gel-cell-excellence\">Gel cell l\u2019excellence<\/a><\/li><\/ul><style>@media ( max-width:600px ){.us_menu_1 .menu{display:block!important}.us_menu_1 .menu>li{margin:0 0 var(--main-gap,0.3rem)!important}}<\/style><\/nav><\/div><\/div><\/div><\/div><\/section><section class=\"l-section wpb_row height_medium\" id=\"gel-cell\"><div class=\"l-section-h i-cf\"><div class=\"g-cols vc_row via_grid cols_1 laptops-cols_inherit tablets-cols_inherit mobiles-cols_1 valign_top type_default stacking_default\"><div class=\"wpb_column vc_column_container\"><div class=\"vc_column-inner\"><p class=\"w-text us_custom_2fe679c4\"><span url class=\"w-text-h\"><span class=\"w-text-value\">Gel Cell<\/span><\/span><\/p><div class=\"wpb_text_column\"><div class=\"wpb_wrapper\"><p>Gel doux indiqu\u00e9 pour les imperfections cutan\u00e9es telles que la peau d\u2019orange, le rel\u00e2chement cutan\u00e9, le vieillissement.<\/p>\n<\/div><\/div><div class=\"w-separator size_small\"><\/div><div class=\"w-vwrapper us_custom_1cdb5a13 align_none valign_top\" style=\"--vwrapper-gap:0.2rem\"><div class=\"wpb_text_column us_custom_4e55af8d has_text_color\"><div class=\"wpb_wrapper\"><h6><strong>INGR\u00c9DIENTS<\/strong><\/h6>\n<\/div><\/div><div class=\"wpb_text_column\"><div class=\"wpb_wrapper\"><p><strong>Extrait marin<\/strong>: agit en aidant \u00e0 pr\u00e9venir l\u2019effet de \u00ab\u00a0peau d\u2019orange\u00a0\u00bb sur la peau.<br \/>\n<strong>Escina<\/strong>: exerce un effet actif drainant la peau.<br \/>\n<strong>Vitamine A<\/strong>: dermoprotectrice, aide \u00e0 la r\u00e9g\u00e9n\u00e9ration de la peau.<br \/>\n<strong>Vitamine E<\/strong>: antioxydant, pr\u00e9vient le vieillissement pr\u00e9matur\u00e9 de la peau.<br \/>\n<strong>Caf\u00e9ine<\/strong>: aide \u00e0 pr\u00e9venir l\u2019effet de la \u00ab\u00a0peau d\u2019orange\u00a0\u00bb et la relaxation de la peau<\/p>\n<\/div><\/div><\/div><\/div><\/div><\/div><\/div><\/section><section class=\"l-section wpb_row us_custom_6fb3086e height_medium\" id=\"gel-raffermissant\"><div class=\"l-section-h i-cf\"><div class=\"g-cols vc_row via_grid cols_1 laptops-cols_inherit tablets-cols_inherit mobiles-cols_1 valign_top type_default stacking_default\"><div class=\"wpb_column vc_column_container\"><div class=\"vc_column-inner\"><p class=\"w-text us_custom_2fe679c4\"><span url class=\"w-text-h\"><span class=\"w-text-value\">Gel raffermissant &#8211; (GEL RASSODANTE)<\/span><\/span><\/p><div class=\"wpb_text_column\"><div class=\"wpb_wrapper\"><p>Gr\u00e2ce \u00e0 l\u2019apport d\u2019\u00e9lastine, le gel se propose comme un produit tonifiant et \u00e9lastique, donc particuli\u00e8rement indiqu\u00e9 sur les laxit\u00e9s cutan\u00e9es du visage et du corps<\/p>\n<\/div><\/div><div class=\"w-separator size_small\"><\/div><div class=\"w-vwrapper us_custom_1cdb5a13 align_none valign_top\" style=\"--vwrapper-gap:0.2rem\"><div class=\"wpb_text_column us_custom_4e55af8d has_text_color\"><div class=\"wpb_wrapper\"><h6><strong>INGR\u00c9DIENTS<\/strong><\/h6>\n<\/div><\/div><div class=\"wpb_text_column\"><div class=\"wpb_wrapper\"><p><strong>Eau de rose<\/strong>: tonifiante-apaisante-d\u00e9congestionnante pour la peau.<br \/>\n<strong>Elastine<\/strong>: constituant fondamental de la peau, contraste le rel\u00e2chement cutan\u00e9, en augmentant sa fermet\u00e9 et son \u00e9lasticit\u00e9.<\/p>\n<\/div><\/div><\/div><\/div><\/div><\/div><\/div><\/section><section class=\"l-section wpb_row height_medium\" id=\"gel-lifting\"><div class=\"l-section-h i-cf\"><div class=\"g-cols vc_row via_grid cols_1 laptops-cols_inherit tablets-cols_inherit mobiles-cols_1 valign_top type_default stacking_default\"><div class=\"wpb_column vc_column_container\"><div class=\"vc_column-inner\"><p class=\"w-text us_custom_2fe679c4\"><span url class=\"w-text-h\"><span class=\"w-text-value\">Gel lifting<\/span><\/span><\/p><div class=\"wpb_text_column\"><div class=\"wpb_wrapper\"><p>Gel hydratant capable d\u2019exercer, d\u00e8s la premi\u00e8re application, une action relaxante \u00e9nergique sur les rides. Il rend la peau douce et lisse, donnant au visage un aspect plus jeune et d\u00e9tendu.<\/p>\n<\/div><\/div><div class=\"w-separator size_small\"><\/div><div class=\"w-vwrapper us_custom_1cdb5a13 align_none valign_top\" style=\"--vwrapper-gap:0.2rem\"><div class=\"wpb_text_column us_custom_4e55af8d has_text_color\"><div class=\"wpb_wrapper\"><h6><strong>INGR\u00c9DIENTS<\/strong><\/h6>\n<\/div><\/div><div class=\"wpb_text_column\"><div class=\"wpb_wrapper\"><p><strong>Acide jaluronique<\/strong>: mol\u00e9cule naturelle obtenue par fermentation bact\u00e9rienne \u00e0 action fortement hydratante et protectrice de l\u2019\u00e9piderme.<br \/>\n<strong>Cyclodextrines<\/strong>: substance d\u2019origine naturelle \u00e0 effet lifting imm\u00e9diat.<br \/>\n<strong>Vitamine A<\/strong>: dermoprotectrice, favorise la r\u00e9g\u00e9n\u00e9ration cutan\u00e9e.<br \/>\n<strong>Vitamine E<\/strong>: \u00e0 action antioxydante, pr\u00e9vient le vieillissement pr\u00e9matur\u00e9 de la peau.<br \/>\n<strong>PCA sodique<\/strong>: substance \u00e0 forte activit\u00e9 hydratante.<\/p>\n<\/div><\/div><\/div><\/div><\/div><\/div><\/div><\/section><section class=\"l-section wpb_row us_custom_6fb3086e height_medium\" id=\"gel-cellules-meristematiques\"><div class=\"l-section-h i-cf\"><div class=\"g-cols vc_row via_grid cols_1 laptops-cols_inherit tablets-cols_inherit mobiles-cols_1 valign_top type_default stacking_default\"><div class=\"wpb_column vc_column_container\"><div class=\"vc_column-inner\"><p class=\"w-text us_custom_2fe679c4\"><span url class=\"w-text-h\"><span class=\"w-text-value\">Gel cellules m\u00e9rist\u00e9matiques &#8211; (GEL CELLULE MERISTEMATICHE)<\/span><\/span><\/p><div class=\"wpb_text_column\"><div class=\"wpb_wrapper\"><p>Riche en cellules souches extraites des apex des racines de ch\u00eane, il favorise la r\u00e9g\u00e9n\u00e9ration cellulaire, apportant \u00e9lasticit\u00e9 et brillance aux peaux s\u00e9nescentes, rid\u00e9es et particuli\u00e8rement fines.<\/p>\n<\/div><\/div><div class=\"w-separator size_small\"><\/div><div class=\"w-vwrapper us_custom_1cdb5a13 align_none valign_top\" style=\"--vwrapper-gap:0.2rem\"><div class=\"wpb_text_column us_custom_4e55af8d has_text_color\"><div class=\"wpb_wrapper\"><h6><strong>INGR\u00c9DIENTS<\/strong><\/h6>\n<\/div><\/div><div class=\"wpb_text_column\"><div class=\"wpb_wrapper\"><p><strong>Extrait de ch\u00eane anglais<\/strong>: cellules souches m\u00e9rist\u00e9matiques qui acc\u00e9l\u00e8rent le processus de partage des dommages tissulaires, retardant la formation des vergetures. Renforce la structure des fibres de collag\u00e8ne, augmente la r\u00e9sistance de l\u2019\u00e9piderme aux agressions climatiques externes.<br \/>\n<strong>Elastine<\/strong>: ingr\u00e9dient actif naturel dermo-similaire, rend la peau plus ferme et \u00e9lastique.<\/p>\n<\/div><\/div><\/div><\/div><\/div><\/div><\/div><\/section><section class=\"l-section wpb_row height_medium\" id=\"gel-oxygene\"><div class=\"l-section-h i-cf\"><div class=\"g-cols vc_row via_grid cols_1 laptops-cols_inherit tablets-cols_inherit mobiles-cols_1 valign_top type_default stacking_default\"><div class=\"wpb_column vc_column_container\"><div class=\"vc_column-inner\"><p class=\"w-text us_custom_2fe679c4\"><span url class=\"w-text-h\"><span class=\"w-text-value\">Gel d\u2019oxyg\u00e8ne naissant pur avec vit. A &#8211; (GEL OSSIGENO NASCENTE PURO CON VIT.A)<\/span><\/span><\/p><div class=\"wpb_text_column\"><div class=\"wpb_wrapper\"><p>Gel riche en glycoprot\u00e9ines obtenues par fermentation de levures Saccharomyces Cervisiae, stimule l\u2019activit\u00e9 mitochondriale des cellules, augmentant la respiration et favorisant le renouvellement. Enrichi en vitamine A pour un effet antioxydant et anti-\u00e2ge encore plus \u00e9vident.<\/p>\n<\/div><\/div><div class=\"w-separator size_small\"><\/div><div class=\"w-vwrapper us_custom_1cdb5a13 align_none valign_top\" style=\"--vwrapper-gap:0.2rem\"><div class=\"wpb_text_column us_custom_4e55af8d has_text_color\"><div class=\"wpb_wrapper\"><h6><strong>INGR\u00c9DIENTS<\/strong><\/h6>\n<\/div><\/div><div class=\"wpb_text_column\"><div class=\"wpb_wrapper\"><p><strong>Elastine<\/strong>: ingr\u00e9dient actif naturel dermo-similaire, rend la peau plus ferme et \u00e9lastique.<br \/>\n<strong>Vitamine A<\/strong>: antioxydant, dermoprotecteur, favorise la r\u00e9g\u00e9n\u00e9ration de la peau.<br \/>\n<strong>Principe actif oxyg\u00e9nant<\/strong>: stimule l\u2019activit\u00e9 respiratoire cellulaire; revitalise le m\u00e9tabolisme cellulaire; revitalise la prolif\u00e9ration cellulaire.<\/p>\n<\/div><\/div><\/div><\/div><\/div><\/div><\/div><\/section><section class=\"l-section wpb_row us_custom_6fb3086e height_medium\" id=\"filler-collagene\"><div class=\"l-section-h i-cf\"><div class=\"g-cols vc_row via_grid cols_1 laptops-cols_inherit tablets-cols_inherit mobiles-cols_1 valign_top type_default stacking_default\"><div class=\"wpb_column vc_column_container\"><div class=\"vc_column-inner\"><p class=\"w-text us_custom_2fe679c4\"><span url class=\"w-text-h\"><span class=\"w-text-value\">Filler collag\u00e8ne<\/span><\/span><\/p><div class=\"wpb_text_column\"><div class=\"wpb_wrapper\"><p>S\u00e9rum de remplissage \u00e0 base de collag\u00e8ne. Appliqu\u00e9 en permanence, il aide \u00e0 pr\u00e9venir la formation de rides et \u00e0 att\u00e9nuer celles d\u00e9j\u00e0 existantes. La peau est imm\u00e9diatement plus lisse et plus souple.<\/p>\n<\/div><\/div><div class=\"w-separator size_small\"><\/div><div class=\"w-vwrapper us_custom_1cdb5a13 align_none valign_top\" style=\"--vwrapper-gap:0.2rem\"><div class=\"wpb_text_column us_custom_4e55af8d has_text_color\"><div class=\"wpb_wrapper\"><h6><strong>INGR\u00c9DIENTS<\/strong><\/h6>\n<\/div><\/div><div class=\"wpb_text_column\"><div class=\"wpb_wrapper\"><p><strong>Extrait d\u2019aloe vera<\/strong>: pur jus d\u2019aloe barbadensis aux propri\u00e9t\u00e9s apaisantes et d\u00e9sarroissantes reconnues.<br \/>\n<strong>Vitamine A<\/strong>: dermoprotectrice, favorise la r\u00e9g\u00e9n\u00e9ration cutan\u00e9e.<br \/>\n<strong>Vitamine E<\/strong>: \u00e0 action antioxydante, pr\u00e9vient le vieillissement pr\u00e9matur\u00e9 de la peau.<br \/>\n<strong>Collag\u00e8ne marin<\/strong>: constituant fondamental de la matrice cellulaire, favorise le renouvellement \u00e9pith\u00e9lial des cellules mortes; a, en outre, une action filmog\u00e8ne protectrice.<br \/>\n<strong>Extraits de centella, de marron d\u2019inde et de myrtille<\/strong>: en synergie, ils exercent une bonne action de protection de la microcirculation p\u00e9rioculaire.<br \/>\n<strong>Extrait de mauve<\/strong>: adoucissant et apaisant.<br \/>\n<strong>Elastine<\/strong>: ingr\u00e9dient actif naturel dermo-similaire, rend la peau plus ferme et \u00e9lastique.<br \/>\n<strong>Cyclodextrines<\/strong>: substances d\u2019origine naturelle \u00e0 effet lifting imm\u00e9diat.<\/p>\n<\/div><\/div><\/div><\/div><\/div><\/div><\/div><\/section><section class=\"l-section wpb_row height_medium\" id=\"gel-apaisant\"><div class=\"l-section-h i-cf\"><div class=\"g-cols vc_row via_grid cols_1 laptops-cols_inherit tablets-cols_inherit mobiles-cols_1 valign_top type_default stacking_default\"><div class=\"wpb_column vc_column_container\"><div class=\"vc_column-inner\"><p class=\"w-text us_custom_2fe679c4\"><span url class=\"w-text-h\"><span class=\"w-text-value\">Gel apaisant &#8211; (GEL LENITIVO)<\/span><\/span><\/p><div class=\"wpb_text_column\"><div class=\"wpb_wrapper\"><p>Produit sp\u00e9cifique pour traiter physiologiquement tous ces probl\u00e8mes d\u2019irritation de la peau dus \u00e0 des causes non pathologiques. Gr\u00e2ce \u00e0 ses actions apaisantes, hydratantes, restructur\u00e2tes et protectrices, il s\u2019adapte \u00e0 la plupart des traitements en cabine, particuli\u00e8rement indiqu\u00e9 en cas de rougeur, couperose et taches cutan\u00e9es.<\/p>\n<\/div><\/div><div class=\"w-separator size_small\"><\/div><div class=\"w-vwrapper us_custom_1cdb5a13 align_none valign_top\" style=\"--vwrapper-gap:0.2rem\"><div class=\"wpb_text_column us_custom_4e55af8d has_text_color\"><div class=\"wpb_wrapper\"><h6><strong>INGR\u00c9DIENTS<\/strong><\/h6>\n<\/div><\/div><div class=\"wpb_text_column\"><div class=\"wpb_wrapper\"><p><strong>Extrait de ch\u00eane anglais<\/strong>: cellules souches m\u00e9rist\u00e9matiques qui acc\u00e9l\u00e8rent le processus de partage des dommages tissulaires caus\u00e9s par des agents ext\u00e9rieurs tels que le soleil, le vent et le sel.<br \/>\n<strong>Extrait de propolis<\/strong>: principe actif naturel stimulant le syst\u00e8me immunitaire; normalise l\u2019\u00e9piderme en limitant les irritations atopiques de la peau.<br \/>\n<strong>Collag\u00e8ne marin<\/strong>: constituant fondamental de la matrice cellulaire, favorise le renouvellement \u00e9pith\u00e9lial des cellules mortes; a, en outre, une action filmog\u00e8ne protectrice.<br \/>\n<strong>Panth\u00e9nol<\/strong>: vitamine B5 \u00e0 action protectrice et hydratante. Forme un film contre la d\u00e9shydratation cutan\u00e9e.<\/p>\n<\/div><\/div><\/div><\/div><\/div><\/div><\/div><\/section><section class=\"l-section wpb_row us_custom_6fb3086e height_medium\" id=\"serum-vitaminique\"><div class=\"l-section-h i-cf\"><div class=\"g-cols vc_row via_grid cols_1 laptops-cols_inherit tablets-cols_inherit mobiles-cols_1 valign_top type_default stacking_default\"><div class=\"wpb_column vc_column_container\"><div class=\"vc_column-inner\"><p class=\"w-text us_custom_2fe679c4\"><span url class=\"w-text-h\"><span class=\"w-text-value\">S\u00e9rum vitaminique &#8211; (SIERO VITAMINICO)<\/span><\/span><\/p><div class=\"wpb_text_column\"><div class=\"wpb_wrapper\"><p>Cr\u00e8me de jour particuli\u00e8rement vitamin\u00e9e, antioxydante, r\u00e9g\u00e9n\u00e9rante et nourrissante, contenant un extrait naturel d\u2019hibiscus \u00e0 action botulique. Il est efficace dans le traitement des rides d\u2019expression. Gr\u00e2ce \u00e0 ses principes actifs, il est capable de prot\u00e9ger la peau des radicaux libres et de lutter contre le vieillissement pr\u00e9matur\u00e9.<\/p>\n<\/div><\/div><div class=\"w-separator size_small\"><\/div><div class=\"w-vwrapper us_custom_1cdb5a13 align_none valign_top\" style=\"--vwrapper-gap:0.2rem\"><div class=\"wpb_text_column us_custom_4e55af8d has_text_color\"><div class=\"wpb_wrapper\"><h6><strong>INGR\u00c9DIENTS<\/strong><\/h6>\n<\/div><\/div><div class=\"wpb_text_column\"><div class=\"wpb_wrapper\"><p><strong>Beurre de karit\u00e9<\/strong>: nourrit et prot\u00e8ge la peau en la rendant plus \u00e9lastique et velout\u00e9e.<br \/>\n<strong>Extrait d\u2019hibiscus<\/strong>: d\u00e9riv\u00e9 v\u00e9g\u00e9tal a action \u00ab\u00a0botulino similar\u00a0\u00bb, sans les contre-indications du botulino classique; effet qui dure quelques heures apr\u00e8s application.<br \/>\n<strong>Extrait de h\u00eatre<\/strong>: principe actif \u00e0 action reconstitutive et protectrice des cellules \u00e9pith\u00e9liales.<br \/>\n<strong>Vitamine A<\/strong>: dermoprotectrice, favorise la r\u00e9g\u00e9n\u00e9ration cutan\u00e9e.<br \/>\n<strong>Vitamine E<\/strong>: \u00e0 action antioxydante, pr\u00e9vient le vieillissement pr\u00e9matur\u00e9 de la peau.<\/p>\n<\/div><\/div><\/div><\/div><\/div><\/div><\/div><\/section><section class=\"l-section wpb_row height_medium\" id=\"fluide-adjuvant\"><div class=\"l-section-h i-cf\"><div class=\"g-cols vc_row via_grid cols_1 laptops-cols_inherit tablets-cols_inherit mobiles-cols_1 valign_top type_default stacking_default\"><div class=\"wpb_column vc_column_container\"><div class=\"vc_column-inner\"><p class=\"w-text us_custom_2fe679c4\"><span url class=\"w-text-h\"><span class=\"w-text-value\">Fluide adjuvant traitement drainant &#8211; (FLUIDO COADIUVANTE TRATTAMENTO DRENANTE)<\/span><\/span><\/p><div class=\"wpb_text_column\"><div class=\"wpb_wrapper\"><p>Utile pour traiter les jambes fatigu\u00e9es, affect\u00e9es par des imperfections li\u00e9es \u00e0 la pr\u00e9sence de peau d\u2019orange et comme adjuvant \u00e0 l\u2019utilisation de chaussettes \u00e9lastiques th\u00e9rapeutiques. Recommand\u00e9 en \u00e9t\u00e9 comme rafra\u00eechissant.<br \/>\nId\u00e9al pour obtenir une action drainante sp\u00e9cifique cibl\u00e9e, excellent adjuvant en cabine pour les traitements de stase lymphatique et r\u00e9tention d\u2019eau.<\/p>\n<\/div><\/div><div class=\"w-separator size_small\"><\/div><div class=\"w-vwrapper us_custom_1cdb5a13 align_none valign_top\" style=\"--vwrapper-gap:0.2rem\"><div class=\"wpb_text_column us_custom_4e55af8d has_text_color\"><div class=\"wpb_wrapper\"><h6><strong>INGR\u00c9DIENTS<\/strong><\/h6>\n<\/div><\/div><div class=\"wpb_text_column\"><div class=\"wpb_wrapper\"><p><strong>Extrait de hamamelis<\/strong>: extrait de plante aux propri\u00e9t\u00e9s d\u00e9sarroissantes et apaisantes.<br \/>\n<strong>Caf\u00e9ine<\/strong>: augmente le m\u00e9tabolisme cellulaire en diminuant la masse adipeuse.<br \/>\n<strong>Extraits de fucus, lierre et rusco<\/strong>: extraits qui agissent sur le m\u00e9tabolisme des cellules.<br \/>\n<strong>Menthol<\/strong>: rafra\u00eechissant, tonifiant.<\/p>\n<\/div><\/div><\/div><\/div><\/div><\/div><\/div><\/section><section class=\"l-section wpb_row us_custom_6fb3086e height_medium\" id=\"blanco\"><div class=\"l-section-h i-cf\"><div class=\"g-cols vc_row via_grid cols_1 laptops-cols_inherit tablets-cols_inherit mobiles-cols_1 valign_top type_default stacking_default\"><div class=\"wpb_column vc_column_container\"><div class=\"vc_column-inner\"><p class=\"w-text us_custom_2fe679c4\"><span url class=\"w-text-h\"><span class=\"w-text-value\">Blanco by Ro<\/span><\/span><\/p><div class=\"wpb_text_column\"><div class=\"wpb_wrapper\"><p>C\u2019est un gel \u00e9claircissant pour le visage, hydratant et nourrissant. Non gras et id\u00e9al pour prot\u00e9ger la peau du visage sans l\u2019alourdir.<\/p>\n<\/div><\/div><div class=\"w-separator size_small\"><\/div><div class=\"w-vwrapper us_custom_1cdb5a13 align_none valign_top\" style=\"--vwrapper-gap:0.2rem\"><div class=\"wpb_text_column us_custom_4e55af8d has_text_color\"><div class=\"wpb_wrapper\"><h6><strong>INGR\u00c9DIENTS<\/strong><\/h6>\n<\/div><\/div><div class=\"wpb_text_column\"><div class=\"wpb_wrapper\"><p><strong>Elastine<\/strong>: ingr\u00e9dient actif naturel dermo-similaire, rend la peau plus ferme.<br \/>\n<strong>Collag\u00e8ne marin<\/strong>: constituant fondamental de la matrice cellulaire, favorise le renouvellement \u00e9pith\u00e9lial des cellules mortes; a en outre une action filmog\u00e8ne protectrice.<br \/>\n<strong>Complexe v\u00e9g\u00e9tal humectant (umectol<\/strong>): m\u00e9lange de substances d\u2019origine v\u00e9g\u00e9tale reproduisant le natural moisturizing factor \u00ab\u00a0NMF\u00a0\u00bb, facteur naturel d\u2019hydratation de la peau humaine.<br \/>\n<strong>Mica luminescent<\/strong>: substance min\u00e9rale \u00e9clairante.<\/p>\n<\/div><\/div><\/div><\/div><\/div><\/div><\/div><\/section><section class=\"l-section wpb_row height_medium\" id=\"cell-plus\"><div class=\"l-section-h i-cf\"><div class=\"g-cols vc_row via_grid cols_1 laptops-cols_inherit tablets-cols_inherit mobiles-cols_1 valign_top type_default stacking_default\"><div class=\"wpb_column vc_column_container\"><div class=\"vc_column-inner\"><p class=\"w-text us_custom_2fe679c4\"><span url class=\"w-text-h\"><span class=\"w-text-value\">Cell plus<\/span><\/span><\/p><div class=\"wpb_text_column\"><div class=\"wpb_wrapper\"><p>Cr\u00e8me indiqu\u00e9e pour les imperfections cutan\u00e9es telles que la peau d\u2019orange, le rel\u00e2chement cutan\u00e9, le vieillissement.<\/p>\n<\/div><\/div><div class=\"w-separator size_small\"><\/div><div class=\"w-vwrapper us_custom_1cdb5a13 align_none valign_top\" style=\"--vwrapper-gap:0.2rem\"><div class=\"wpb_text_column us_custom_4e55af8d has_text_color\"><div class=\"wpb_wrapper\"><h6><strong>INGR\u00c9DIENTS<\/strong><\/h6>\n<\/div><\/div><div class=\"wpb_text_column\"><div class=\"wpb_wrapper\"><p><strong>Huile de tournesol<\/strong>: \u00e9limine les cellules mortes et les impuret\u00e9s de la peau, donnant une douceur extraordinaire \u00e0 la peau.<br \/>\n<strong>Beurre de karit\u00e9<\/strong>: nourrit et prot\u00e8ge la peau en la rendant plus ferme et velout\u00e9e.<br \/>\n<strong>Extrait iod\u00e9<\/strong>: extrait marin agissant sur le m\u00e9tabolisme des cellules adipeuses.<br \/>\n<strong>Extrait de guarana<\/strong>: stimulant, augmente le m\u00e9tabolisme cellulaire.<br \/>\n<strong>Salicylate d\u2019isodecyle<\/strong>: humectant.<\/p>\n<\/div><\/div><\/div><\/div><\/div><\/div><\/div><\/section><section class=\"l-section wpb_row us_custom_6fb3086e height_medium\" id=\"tone-plus\"><div class=\"l-section-h i-cf\"><div class=\"g-cols vc_row via_grid cols_1 laptops-cols_inherit tablets-cols_inherit mobiles-cols_1 valign_top type_default stacking_default\"><div class=\"wpb_column vc_column_container\"><div class=\"vc_column-inner\"><p class=\"w-text us_custom_2fe679c4\"><span url class=\"w-text-h\"><span class=\"w-text-value\">Tone plus<\/span><\/span><\/p><div class=\"wpb_text_column\"><div class=\"wpb_wrapper\"><p>Cr\u00e8me \u00e0 la lavande qui avec ses propri\u00e9t\u00e9s aide \u00e0 prot\u00e9ger et adoucir la peau. Adjuvant dans le massage manuel, donne de l\u2019\u00e9lasticit\u00e9 et du tonus \u00e0 la peau apais\u00e9e.<\/p>\n<\/div><\/div><div class=\"w-separator size_small\"><\/div><div class=\"w-vwrapper us_custom_1cdb5a13 align_none valign_top\" style=\"--vwrapper-gap:0.2rem\"><div class=\"wpb_text_column us_custom_4e55af8d has_text_color\"><div class=\"wpb_wrapper\"><h6><strong>INGR\u00c9DIENTS<\/strong><\/h6>\n<\/div><\/div><div class=\"wpb_text_column\"><div class=\"wpb_wrapper\"><p><strong>Extrait de centella<\/strong>: assure une excellente protection de la peau.<br \/>\n<strong>Beurre de karit\u00e9<\/strong>: nourrit et prot\u00e8ge la peau en la rendant plus \u00e9lastique et lisse.<br \/>\n<strong>Collag\u00e8ne marin<\/strong>: favorise le renouvellement des cellules \u00e9pith\u00e9liales mortes ; il exerce aussi une action filmog\u00e8ne protectrice.<br \/>\n<strong>Extrait de lavande<\/strong>: hydratant, nourrissant, protecteur de la barri\u00e8re cutan\u00e9e.<\/p>\n<\/div><\/div><\/div><\/div><\/div><\/div><\/div><\/section><section class=\"l-section wpb_row height_medium\" id=\"contour-yeux\"><div class=\"l-section-h i-cf\"><div class=\"g-cols vc_row via_grid cols_1 laptops-cols_inherit tablets-cols_inherit mobiles-cols_1 valign_top type_default stacking_default\"><div class=\"wpb_column vc_column_container\"><div class=\"vc_column-inner\"><p class=\"w-text us_custom_2fe679c4\"><span url class=\"w-text-h\"><span class=\"w-text-value\">Contour des yeux &#8211; (SIERO CONTORNO OCCHI)<\/span><\/span><\/p><div class=\"wpb_text_column\"><div class=\"wpb_wrapper\"><p>Fluide indiqu\u00e9 pour pr\u00e9venir l\u2019apparition et la progression des rides p\u00e9rioculaires. Il nourrit et d\u00e9congestionne la zone du contour des yeux.<\/p>\n<\/div><\/div><div class=\"w-separator size_small\"><\/div><div class=\"w-vwrapper us_custom_1cdb5a13 align_none valign_top\" style=\"--vwrapper-gap:0.2rem\"><div class=\"wpb_text_column us_custom_4e55af8d has_text_color\"><div class=\"wpb_wrapper\"><h6><strong>INGR\u00c9DIENTS<\/strong><\/h6>\n<\/div><\/div><div class=\"wpb_text_column\"><div class=\"wpb_wrapper\"><p><strong>Huile d\u2019amande<\/strong>: gr\u00e2ce \u00e0 ses propri\u00e9t\u00e9s \u00e9mollientes et nutritives, elle rend la peau douce et souple.<br \/>\n<strong>Extrait d\u2019aloe vera<\/strong>: pur jus d\u2019aloe barbadensis aux propri\u00e9t\u00e9s apaisantes et d\u00e9sarroissantes reconnues.<br \/>\n<strong>Vitamine A<\/strong>: dermoprotectrice, favorise la r\u00e9g\u00e9n\u00e9ration cutan\u00e9e.<br \/>\n<strong>Vitamine E<\/strong>: \u00e0 action antioxydante, pr\u00e9vient le vieillissement pr\u00e9matur\u00e9 de la peau.<br \/>\n<strong>Collag\u00e8ne marin<\/strong>: constituant fondamental de la matrice cellulaire, favorise le renouvellement \u00e9pith\u00e9lial des cellules mortes; a, en outre, une action filmog\u00e8ne protectrice.<br \/>\n<strong>Extraits de centella, de marron d\u2019inde et de myrtille<\/strong>: en synergie, ils exercent une bonne action de protection de la microcirculation p\u00e9rioculaire.<br \/>\n<strong>Extrait de mauve<\/strong>: adoucissant et apaisant.<br \/>\n<strong>Elastine<\/strong>: ingr\u00e9dient actif naturel derme-similaire, rend la peau du contour des yeux plus ferme.<br \/>\n<strong>Cyclodextrines<\/strong>\u00a0: substances d\u2019origine naturelle \u00e0 effet lifting imm\u00e9diat.<\/p>\n<\/div><\/div><\/div><\/div><\/div><\/div><\/div><\/section><section class=\"l-section wpb_row us_custom_6fb3086e height_medium\" id=\"gel-jambes-defaticant\"><div class=\"l-section-h i-cf\"><div class=\"g-cols vc_row via_grid cols_1 laptops-cols_inherit tablets-cols_inherit mobiles-cols_1 valign_top type_default stacking_default\"><div class=\"wpb_column vc_column_container\"><div class=\"vc_column-inner\"><p class=\"w-text us_custom_2fe679c4\"><span url class=\"w-text-h\"><span class=\"w-text-value\">Gel jambes d\u00e9faticant &#8211; (GEL GAMBE DEFATICANTE)<\/span><\/span><\/p><div class=\"wpb_text_column\"><div class=\"wpb_wrapper\"><p>Caract\u00e9ris\u00e9 par un parfum menthol\u00e9 frais, il est utile pour att\u00e9nuer les sensations de fatigue et de lourdeur dans les membres inf\u00e9rieurs. Une utilisation constante du produit permet \u00e9galement d\u2019am\u00e9liorer la douceur et l\u2019aspect esth\u00e9tique de l\u2019\u00e9piderme des jambes.<\/p>\n<\/div><\/div><div class=\"w-separator size_small\"><\/div><div class=\"w-vwrapper us_custom_1cdb5a13 align_none valign_top\" style=\"--vwrapper-gap:0.2rem\"><div class=\"wpb_text_column us_custom_4e55af8d has_text_color\"><div class=\"wpb_wrapper\"><h6><strong>INGR\u00c9DIENTS<\/strong><\/h6>\n<\/div><\/div><div class=\"wpb_text_column\"><div class=\"wpb_wrapper\"><p><strong>Extraits de rusco, de marronnier et de centella<\/strong>: en synergie, ils exercent une bonne action de protection de la microcirculation.<br \/>\n<strong>Panth\u00e9nol<\/strong>: vitamine B5 \u00e0 action protectrice et hydratante. Forme un film contre la d\u00e9shydratation cutan\u00e9e.<br \/>\n<strong>Menthol et lactate de menthile<\/strong>: ils donnent une agr\u00e9able sensation de fra\u00eecheur, accompagn\u00e9e d\u2019une action tonifiante des parties trait\u00e9es.<\/p>\n<\/div><\/div><\/div><\/div><\/div><\/div><\/div><\/section><section class=\"l-section wpb_row height_medium\" id=\"premier-lait\"><div class=\"l-section-h i-cf\"><div class=\"g-cols vc_row via_grid cols_1 laptops-cols_inherit tablets-cols_inherit mobiles-cols_1 valign_top type_default stacking_default\"><div class=\"wpb_column vc_column_container\"><div class=\"vc_column-inner\"><p class=\"w-text us_custom_2fe679c4\"><span url class=\"w-text-h\"><span class=\"w-text-value\">Premier lait &#8211; (PRIMO LATTE)<\/span><\/span><\/p><div class=\"wpb_text_column\"><div class=\"wpb_wrapper\"><p>Nourrissant, oxyg\u00e9nant et restitutif, c\u2019est un excellent cosm\u00e9tique naturel pour les soins de la peau. Hydrate et d\u00e9tend les rides, prot\u00e9geant la couche de surface contre les effets n\u00e9gatifs du temps et de la pollution; en outre, il aide \u00e0 prendre soin et \u00e0 \u00e9liminer les d\u00e9fauts de la peau.<br \/>\nSon peptide antirides favorise le raffermissement et pr\u00e9vient le vieillissement cutan\u00e9, gr\u00e2ce \u00e0 sa propri\u00e9t\u00e9 de d\u00e9tendre imm\u00e9diatement les lignes profondes et les rides d\u2019expression. Utile dans le traitement de la peau s\u00e8che car les om\u00e9ga-6 contenus dans l\u2019\u00e9mulsion ont la capacit\u00e9 de retenir l\u2019humidit\u00e9 de la peau. La synergie des principes actifs en fait \u00e9galement un cosm\u00e9tique efficace dans le traitement de la peau impure.<\/p>\n<\/div><\/div><div class=\"w-separator size_small\"><\/div><div class=\"w-vwrapper us_custom_1cdb5a13 align_none valign_top\" style=\"--vwrapper-gap:0.2rem\"><div class=\"wpb_text_column us_custom_4e55af8d has_text_color\"><div class=\"wpb_wrapper\"><h6><strong>INGR\u00c9DIENTS<\/strong><\/h6>\n<\/div><\/div><div class=\"wpb_text_column\"><div class=\"wpb_wrapper\"><p><strong>Colostrum bovin<\/strong>: principe actif \u00e0 haute capacit\u00e9 nutritive, oxyg\u00e9nant et restitutif, adapt\u00e9 aux peaux asphyxi\u00e9es et \u00e9teintes.<br \/>\n<strong>Peptide antirides (argireline):<\/strong> principe actif anti-rides imm\u00e9diat.<br \/>\n<strong>Huile d\u2019onagre (riche en phytoestrog\u00e8nes Om\u00e9ga 6)<\/strong>: principe actif anti-rides riche en Om\u00e9ga 6.<br \/>\n<strong>Huiles similaires \u00e0 la vaseline<\/strong>: action hydratante, apaisante et protectrice.<\/p>\n<\/div><\/div><\/div><\/div><\/div><\/div><\/div><\/section><section class=\"l-section wpb_row us_custom_6fb3086e height_medium\" id=\"creme-arnica\"><div class=\"l-section-h i-cf\"><div class=\"g-cols vc_row via_grid cols_1 laptops-cols_inherit tablets-cols_inherit mobiles-cols_1 valign_top type_default stacking_default\"><div class=\"wpb_column vc_column_container\"><div class=\"vc_column-inner\"><p class=\"w-text us_custom_2fe679c4\"><span url class=\"w-text-h\"><span class=\"w-text-value\">Cr\u00e8me arnica &#8211; (CREMA ALL\u2019ARNICA)<\/span><\/span><\/p><div class=\"wpb_text_column\"><div class=\"wpb_wrapper\"><p>Les principes actifs contenus dans l\u2019arnica (flavono\u00efdes, triterp\u00e8nes, lactones sesquiterp\u00e9niques comme l\u2019\u00e9l\u00e9naline et l\u2019huile essentielle) conf\u00e8rent au produit des propri\u00e9t\u00e9s stimulantes pour la circulation.<br \/>\nApaise la peau craquel\u00e9e, de celle des mains \u00e0 celle des l\u00e8vres. En tant que pot-stimulateur, il est capable de contrer la peau d\u2019orange et la perte de cheveux.<\/p>\n<\/div><\/div><div class=\"w-separator size_small\"><\/div><div class=\"w-vwrapper us_custom_1cdb5a13 align_none valign_top\" style=\"--vwrapper-gap:0.2rem\"><div class=\"wpb_text_column us_custom_4e55af8d has_text_color\"><div class=\"wpb_wrapper\"><h6><strong>INGR\u00c9DIENTS<\/strong><\/h6>\n<\/div><\/div><div class=\"wpb_text_column\"><div class=\"wpb_wrapper\"><p><strong>Extrait d\u2019arnica<\/strong>: rem\u00e8de exceptionnel contre les traumatismes, les contusions et les ecchymoses de toute nature. En effet, il a une action anti-inflamatoire et apaisant, previent la formation d\u2019ecchymoses et facilite leur resorption. L\u2019arnica est egalement un exellent remede contre les douleurs d\u2019origine musculaire, peau impure et les piqures d\u2019insectes.<\/p>\n<\/div><\/div><\/div><\/div><\/div><\/div><\/div><\/section><section class=\"l-section wpb_row height_medium\" id=\"gel-aloe-menthol\"><div class=\"l-section-h i-cf\"><div class=\"g-cols vc_row via_grid cols_1 laptops-cols_inherit tablets-cols_inherit mobiles-cols_1 valign_top type_default stacking_default\"><div class=\"wpb_column vc_column_container\"><div class=\"vc_column-inner\"><p class=\"w-text us_custom_2fe679c4\"><span url class=\"w-text-h\"><span class=\"w-text-value\">Gel aloe et menthol &#8211; (GEL ALOE E MENTOLO)<\/span><\/span><\/p><div class=\"wpb_text_column\"><div class=\"wpb_wrapper\"><p>Gel sp\u00e9cialement con\u00e7u pour un effet relaxant et apaisant sur la fatigue, avec une attention particuli\u00e8re aux membres inf\u00e9rieurs. Extr\u00eamement rafra\u00eechissant, il apporte un soulagement imm\u00e9diat, gr\u00e2ce \u00e0 l\u2019action d\u00e9congestionnante et constrictive des vaisseaux veineux. L\u2019ajout de vitamine E emp\u00eache la formation de toxines.<br \/>\nIl s\u2019agit d\u2019une formule tr\u00e8s riche en actifs: 70% d\u2019Aloe Vera, de Menthol, de Vitamine E, d\u2019huiles essentielles de menthe, d\u2019eucalyptus et de thym blanc, ainsi que de m\u00e9thyl salicylate.<\/p>\n<\/div><\/div><div class=\"w-separator size_small\"><\/div><div class=\"w-vwrapper us_custom_1cdb5a13 align_none valign_top\" style=\"--vwrapper-gap:0.2rem\"><div class=\"wpb_text_column us_custom_4e55af8d has_text_color\"><div class=\"wpb_wrapper\"><h6><strong>INGR\u00c9DIENTS<\/strong><\/h6>\n<\/div><\/div><div class=\"wpb_text_column\"><div class=\"wpb_wrapper\"><p><strong>Aloe vera:<\/strong> action apaisante et d\u00e9sarroisante<br \/>\n<strong>Menthol<\/strong>: action rafra\u00eechissante, anesth\u00e9sique.<br \/>\n<strong>Vitamine E<\/strong>: action antioxydante.<br \/>\n<strong>Huiles essentielles de menthe, d\u2019eucalyptus et de thym blanc<\/strong>: action rafra\u00eechissante, purifiante et apaisante.<\/p>\n<\/div><\/div><\/div><\/div><\/div><\/div><\/div><\/section><section class=\"l-section wpb_row us_custom_6fb3086e height_medium\" id=\"creme-decongestionnante\"><div class=\"l-section-h i-cf\"><div class=\"g-cols vc_row via_grid cols_1 laptops-cols_inherit tablets-cols_inherit mobiles-cols_1 valign_top type_default stacking_default\"><div class=\"wpb_column vc_column_container\"><div class=\"vc_column-inner\"><p class=\"w-text us_custom_2fe679c4\"><span url class=\"w-text-h\"><span class=\"w-text-value\">Cr\u00e8me d\u00e9congestionnante &#8211; (CREMA DECONGESTIONANTE)<\/span><\/span><\/p><div class=\"wpb_text_column\"><div class=\"wpb_wrapper\"><p>Gr\u00e2ce \u00e0 la pr\u00e9sence d\u2019oxyde de zinc, cette cr\u00e8me prot\u00e8ge la peau en cr\u00e9ant une couche protectrice de surface durable, et poss\u00e8de de fortes propri\u00e9t\u00e9s apaisantes, hydratantes et d\u00e9congestionnantes. Aide \u00e0 apaiser les rougeurs d\u2019une exposition excessive au soleil ou \u00e0 des agents externes (\u00e9pilation), ou des probl\u00e8mes d\u00e9riv\u00e9s de la couperose et de l\u2019\u00e9ryth\u00e8me. La pr\u00e9sence de coumarine favorise, en l\u2019augmentant, le bon fonctionnement des vaisseaux veineux, pr\u00e9venant les \u0153d\u00e8mes par une action sp\u00e9cifique de drainage local.<\/p>\n<\/div><\/div><div class=\"w-separator size_small\"><\/div><div class=\"w-vwrapper us_custom_1cdb5a13 align_none valign_top\" style=\"--vwrapper-gap:0.2rem\"><div class=\"wpb_text_column us_custom_4e55af8d has_text_color\"><div class=\"wpb_wrapper\"><h6><strong>INGR\u00c9DIENTS<\/strong><\/h6>\n<\/div><\/div><div class=\"wpb_text_column\"><div class=\"wpb_wrapper\"><p><strong>Oxyde de zinc<\/strong>: normalise et prot\u00e8ge la partie trait\u00e9e en formant un film protecteur contre les agressions externes.<br \/>\n<strong>Coumarine:<\/strong> origine v\u00e9g\u00e9tale, aide \u00e0 drainer les liquides intercellulaires<\/p>\n<\/div><\/div><\/div><\/div><\/div><\/div><\/div><\/section><section class=\"l-section wpb_row height_medium\" id=\"creme-multi-active\"><div class=\"l-section-h i-cf\"><div class=\"g-cols vc_row via_grid cols_1 laptops-cols_inherit tablets-cols_inherit mobiles-cols_1 valign_top type_default stacking_default\"><div class=\"wpb_column vc_column_container\"><div class=\"vc_column-inner\"><p class=\"w-text us_custom_2fe679c4\"><span url class=\"w-text-h\"><span class=\"w-text-value\">Cr\u00e8me multi active &#8211; (CREMA MULTI ATTIVI)<\/span><\/span><\/p><div class=\"wpb_text_column\"><div class=\"wpb_wrapper\"><p>C\u2019est un produit facile \u00e0 v\u00e9hiculer. Sa base aqueuse permet aux actifs contenus d\u2019exercer au mieux leur travail au niveau cutan\u00e9. Cette \u00e9mulsion peut \u00eatre utilis\u00e9e sur les d\u00e9cors des m\u00e9ridiens pour favoriser la stimulation de processus de renouvellement et de bio revitalisation cellulaire.<\/p>\n<\/div><\/div><div class=\"w-separator size_small\"><\/div><div class=\"w-vwrapper us_custom_1cdb5a13 align_none valign_top\" style=\"--vwrapper-gap:0.2rem\"><div class=\"wpb_text_column us_custom_4e55af8d has_text_color\"><div class=\"wpb_wrapper\"><h6><strong>INGR\u00c9DIENTS<\/strong><\/h6>\n<\/div><\/div><div class=\"wpb_text_column\"><div class=\"wpb_wrapper\"><p><strong>Elastine<\/strong>: ingr\u00e9dient actif naturel dermo-similaire, rend la peau plus ferme.<br \/>\n<strong>Son de bl\u00e9<\/strong>: bioliqu\u00e9fi\u00e9 riche en acide f\u00e9rulique \u00e0 action \u00e9lastique et antirides.<br \/>\n<strong>Extrait de la brassica<\/strong>: riche en isothicinates a activite fortement oxydante.<br \/>\n<strong>Extrait de figue de barbarie<\/strong>: semblable au jus d\u2019alo\u00e8s, il est riche en polysaccharides, et en substances anti-rides, hydratantes et antioxydantes.<br \/>\n<strong>Extrait de pomme bio<\/strong>: riche en vitamines a et d, riche en fibres, sucres et sels min\u00e9raux. A, sur la peau, un effet \u00e9lastique et antioxydant.<br \/>\n<strong>Extrait de curcuma<\/strong>: contient de la curcumine qui est une mol\u00e9cule fortement antioxydante.<br \/>\n<strong>Extrait de vigne rouge<\/strong>: riche en polyph\u00e9nols, il exerce une forte action antioxydante.<br \/>\n<strong>Extraits aqueux concentr\u00e9s d\u2019\u00e9pinards, cacao, chou noir, oignon rouge, pois chiches<\/strong>: riches en vitamines, fibres, sels min\u00e9raux, favorisent la r\u00e9g\u00e9n\u00e9ration des cellules \u00e9pith\u00e9liales, favorisant le renouvellement naturel. La peau est plus lumineuse et tonique.<\/p>\n<\/div><\/div><\/div><\/div><\/div><\/div><\/div><\/section><section class=\"l-section wpb_row us_custom_6fb3086e height_medium\" id=\"creme-fil-or\"><div class=\"l-section-h i-cf\"><div class=\"g-cols vc_row via_grid cols_1 laptops-cols_inherit tablets-cols_inherit mobiles-cols_1 valign_top type_default stacking_default\"><div class=\"wpb_column vc_column_container\"><div class=\"vc_column-inner\"><p class=\"w-text us_custom_2fe679c4\"><span url class=\"w-text-h\"><span class=\"w-text-value\">Cr\u00e8me fil &amp; or &#8211; (CREMA FIL &amp; OR)<\/span><\/span><\/p><div class=\"wpb_text_column\"><div class=\"wpb_wrapper\"><p>Cr\u00e8me pour le visage soyeuse et concentr\u00e9e, \u00e0 absorption rapide qui agit \u00e0 360\u00b0 gr\u00e2ce \u00e0 un pool de substances fonctionnelles. Un miracle de beaut\u00e9 pour une nouvelle routine d\u2019\u00e9clairage et de lissage.<\/p>\n<\/div><\/div><div class=\"w-separator size_small\"><\/div><div class=\"w-vwrapper us_custom_1cdb5a13 align_none valign_top\" style=\"--vwrapper-gap:0.2rem\"><div class=\"wpb_text_column us_custom_4e55af8d has_text_color\"><div class=\"wpb_wrapper\"><h6><strong>INGR\u00c9DIENTS<\/strong><\/h6>\n<\/div><\/div><div class=\"wpb_text_column\"><div class=\"wpb_wrapper\"><p><strong>Tripeptides:<\/strong> r\u00e9duisent en synergie les rides horizontales et verticales.<br \/>\n<strong>Actif microencapsul\u00e9<\/strong>: agit comme un drone en stimulant en profondeur la production de collag\u00e8ne et d\u2019\u00e9lastine.<br \/>\n<strong>Actif marin<\/strong>: il agit en stimulant la production naturelle d\u2019acide hyalunorique.<br \/>\n<strong>Actif effet botox<\/strong>: peptide \u00e0 action liftante imm\u00e9diate.<br \/>\n<strong>Micro\u00e9mulsion silicone<\/strong>: r\u00e9duit visuellement les rides avec un effet soft-focus sur la peau qui semble lisse et doux au toucher. La ride est moins visible d\u00e8s la premi\u00e8re application.<br \/>\n<strong>Poudre d\u2019or<\/strong>: effet purifiant et drainant. Active la microcirculation locale et r\u00e9active la r\u00e9g\u00e9n\u00e9ration cellulaire.<\/p>\n<\/div><\/div><\/div><\/div><\/div><\/div><\/div><\/section><section class=\"l-section wpb_row height_medium\" id=\"creme-50\"><div class=\"l-section-h i-cf\"><div class=\"g-cols vc_row via_grid cols_1 laptops-cols_inherit tablets-cols_inherit mobiles-cols_1 valign_top type_default stacking_default\"><div class=\"wpb_column vc_column_container\"><div class=\"vc_column-inner\"><p class=\"w-text us_custom_2fe679c4\"><span url class=\"w-text-h\"><span class=\"w-text-value\">Cr\u00e8me +50 &#8211; (CREMA +50)<\/span><\/span><\/p><div class=\"wpb_text_column\"><div class=\"wpb_wrapper\"><p>Cr\u00e8me corps adjuvant dans les traitements de remodelage sp\u00e9cifiques, \u00e0 la fois pour un usage \u00e0 domicile et professionnel. Gr\u00e2ce \u00e0 ses composants l\u00e9cithine et jaune d\u2019\u0153uf, il permet d\u2019obtenir une action cibl\u00e9e revitalisante pour les jambes, les cuisses et les fesses avec la soi-disant \u00ab\u00a0peau d\u2019orange\u00a0\u00bb. L\u2019utilisation r\u00e9guli\u00e8re de ces principes actifs adoucit, tonifie et raffermit la peau et facilite la circulation des liquides en r\u00e9duisant la r\u00e9tention d\u2019eau.<\/p>\n<\/div><\/div><div class=\"w-separator size_small\"><\/div><div class=\"w-vwrapper us_custom_1cdb5a13 align_none valign_top\" style=\"--vwrapper-gap:0.2rem\"><div class=\"wpb_text_column us_custom_4e55af8d has_text_color\"><div class=\"wpb_wrapper\"><h6><strong>INGR\u00c9DIENTS<\/strong><\/h6>\n<\/div><\/div><div class=\"wpb_text_column\"><div class=\"wpb_wrapper\"><p><strong>Huile de noix de coco<\/strong>: riche en graisses satur\u00e9es, notamment en acide laurique. A une action nutritive et \u00e9molliente.<br \/>\n<strong>L\u00e9cithine et extrait d\u2019oeuf<\/strong>: propri\u00e9t\u00e9s hydratantes, r\u00e9duit la desquamation.<br \/>\n<strong>Huile de tournesol<\/strong>: a des propri\u00e9t\u00e9s eudermiques avec une action hydratante, nourrissante et \u00e9molliente. Ha a joue\u00a0\u00e9galement une action antioxydante et aide \u00e0 combattre les radicaux libres, pr\u00e9vient la d\u00e9g\u00e9n\u00e9rescence des cellules et ralentit le photo-vieillissement.<br \/>\n<strong>Huile d\u2019amande douce<\/strong>: riche en sels min\u00e9raux, vitamines. A des propri\u00e9t\u00e9s \u00e9mollientes, nourrissantes, hydratantes et apaisantes.<br \/>\n<strong>Beurre de karit\u00e9<\/strong>: hydrate et tonifie la peau. Il est id\u00e9al pour nourrir la peau et a une action absorbante des liquides infiltr\u00e9s dans les tissus.<\/p>\n<\/div><\/div><\/div><\/div><\/div><\/div><\/div><\/section><section class=\"l-section wpb_row us_custom_6fb3086e height_medium\" id=\"creme-compacte\"><div class=\"l-section-h i-cf\"><div class=\"g-cols vc_row via_grid cols_1 laptops-cols_inherit tablets-cols_inherit mobiles-cols_1 valign_top type_default stacking_default\"><div class=\"wpb_column vc_column_container\"><div class=\"vc_column-inner\"><p class=\"w-text us_custom_2fe679c4\"><span url class=\"w-text-h\"><span class=\"w-text-value\">Cr\u00e8me compacte &#8211; (CREMA COMPATTA)<\/span><\/span><\/p><div class=\"wpb_text_column\"><div class=\"wpb_wrapper\"><p>Cr\u00e8me corps adjuvant dans les traitements de remodelage sp\u00e9cifiques, \u00e0 la fois pour un usage \u00e0 domicile et professionnel. Gr\u00e2ce \u00e0 la combinaison de deux \u00e9pices orientales utilis\u00e9es depuis des mill\u00e9naires pour r\u00e9activer le m\u00e9tabolisme, il favorise la r\u00e9sorption des d\u00e9p\u00f4ts en drainant les liquides et tonifie les parois des capillaires et des veines en les renfor\u00e7ant.<\/p>\n<\/div><\/div><div class=\"w-separator size_small\"><\/div><div class=\"w-vwrapper us_custom_1cdb5a13 align_none valign_top\" style=\"--vwrapper-gap:0.2rem\"><div class=\"wpb_text_column us_custom_4e55af8d has_text_color\"><div class=\"wpb_wrapper\"><h6><strong>INGR\u00c9DIENTS<\/strong><\/h6>\n<\/div><\/div><div class=\"wpb_text_column\"><div class=\"wpb_wrapper\"><p><strong>Extrait de racine de curcuma longa<\/strong>: poss\u00e8de des propri\u00e9t\u00e9s anti-inflammatoires et antioxydantes.<br \/>\n<strong>Huile de tournesol<\/strong>: a des propri\u00e9t\u00e9s eudermiques avec une action hydratante, nourrissante et \u00e9molliente. Il a egalement une action antioxidante et aide a combattre les radicaux libres; il previent la degenerescence des cellules et ralentis le photo-vieillissement<br \/>\n<strong>Huile d\u2019amande douce<\/strong>: riche en sels min\u00e9raux et vitamines. Il a des propri\u00e9t\u00e9s \u00e9mollientes, nourrissantes, hydratantes et apaisantes et est capable de combattre la cellulite.<br \/>\n<strong>Extrait de the verde<\/strong>: r\u00e9duit l\u2019absorption des sucres, favorisant le m\u00e9tabolisme des lipides et l\u2019\u00e9limination des liquides stagnants.<br \/>\n<strong>Extrait sec de pip\u00e9rine<\/strong>: agit sur la microcirculation. C\u2019est un puissant antioxydant et un excellent promoteur d\u2019absorption des nutriments.<br \/>\n<strong>Beurre de karit\u00e9<\/strong>: hydrate et tonifie la peau. Il est id\u00e9al pour nourrir la peau et a une action absorbante des liquides infiltr\u00e9s dans les tissus.<\/p>\n<\/div><\/div><\/div><\/div><\/div><\/div><\/div><\/section><section class=\"l-section wpb_row height_medium\" id=\"gel-cell-excellence\"><div class=\"l-section-h i-cf\"><div class=\"g-cols vc_row via_grid cols_1 laptops-cols_inherit tablets-cols_inherit mobiles-cols_1 valign_top type_default stacking_default\"><div class=\"wpb_column vc_column_container\"><div class=\"vc_column-inner\"><p class=\"w-text us_custom_2fe679c4\"><span url class=\"w-text-h\"><span class=\"w-text-value\">Gel cell l\u2019excellence &#8211; (GEL CELL L\u2019ECCELLENZA)<\/span><\/span><\/p><div class=\"wpb_text_column\"><div class=\"wpb_wrapper\"><p>Cr\u00e8me corps adjuvante dans les traitements sp\u00e9cifiques remodelant, tonifiants et raffermissants pour un usage \u00e0 domicile et professionnel. Gr\u00e2ce \u00e0 ses composants l\u00e9cithine, iode, caf\u00e9ine, escine et fucus v\u00e9siculeux, il agit favorisant l\u2019\u00e9limination des liquides en exc\u00e8s.<\/p>\n<\/div><\/div><div class=\"w-separator size_small\"><\/div><div class=\"w-vwrapper us_custom_1cdb5a13 align_none valign_top\" style=\"--vwrapper-gap:0.2rem\"><div class=\"wpb_text_column us_custom_4e55af8d has_text_color\"><div class=\"wpb_wrapper\"><h6><strong>INGR\u00c9DIENTS<\/strong><\/h6>\n<\/div><\/div><div class=\"wpb_text_column\"><div class=\"wpb_wrapper\"><p><strong>Vitamine A et vitamine E<\/strong>: antioxydants, pr\u00e9viennent le vieillissement cutan\u00e9 provoqu\u00e9 par les rayons solaires, maintiennent la peau saine.<br \/>\n<strong>Lecithin<\/strong> (phospatidicholine): particule qui, en presence de molecules d\u2019eau et de graisse se positionne entre elles en les emulsifiant. C\u2019est un excellent r\u00e9g\u00e9n\u00e9rant et a un effet tr\u00e8s hydratant, donc aide \u00e0 restaurer l\u2019\u00e9lasticit\u00e9 de la peau.<br \/>\n<strong>Extrait iod\u00e9, extrait de fucus<\/strong>: extraits marins qui agissent sur le m\u00e9tabolisme, aidant \u00e0 pr\u00e9venir l\u2019effet de \u00ab\u00a0peau d\u2019orange\u00a0\u00bb.<br \/>\n<strong>Caf\u00e9ine<\/strong>: aide \u00e0 \u00ab\u00a0dissoudre\u00a0\u00bb les d\u00e9p\u00f4ts localis\u00e9s.<br \/>\n<strong>Escina<\/strong>: drainant, prot\u00e8ge la microcirculation cutan\u00e9e.<\/p>\n<\/div><\/div><\/div><\/div><\/div><\/div><\/div><\/section>\n","protected":false},"excerpt":{"rendered":"Ligne cosm\u00e9tique 21 Parcourez nos produitsGel cellGel raffermissantGel liftingGel cellules m\u00e9rist\u00e9matiquesGel oxyg\u00e8neFiller collag\u00e8neGel apaisantS\u00e9rum vitaminiqueFluide adjuvantBlanco by RoCell plusTone PlusContour des yeuxGel jambes d\u00e9faticantPremier laitCr\u00e8me arnicaGel aloe et mentholCr\u00e8me d\u00e9congestionnanteCr\u00e8me multi activeCr\u00e8me fil &#038; orCr\u00e8me +50Cr\u00e8me compacteGel cell l\u2019excellenceGel CellGel doux indiqu\u00e9 pour les imperfections cutan\u00e9es telles que la peau d\u2019orange, le rel\u00e2chement cutan\u00e9, le...","protected":false},"author":1,"featured_media":0,"parent":0,"menu_order":0,"comment_status":"closed","ping_status":"closed","template":"","meta":{"footnotes":""},"class_list":["post-2396","page","type-page","status-publish","hentry"],"_links":{"self":[{"href":"https:\/\/www.21equipment.com\/fr\/wp-json\/wp\/v2\/pages\/2396","targetHints":{"allow":["GET"]}}],"collection":[{"href":"https:\/\/www.21equipment.com\/fr\/wp-json\/wp\/v2\/pages"}],"about":[{"href":"https:\/\/www.21equipment.com\/fr\/wp-json\/wp\/v2\/types\/page"}],"author":[{"embeddable":true,"href":"https:\/\/www.21equipment.com\/fr\/wp-json\/wp\/v2\/users\/1"}],"replies":[{"embeddable":true,"href":"https:\/\/www.21equipment.com\/fr\/wp-json\/wp\/v2\/comments?post=2396"}],"version-history":[{"count":33,"href":"https:\/\/www.21equipment.com\/fr\/wp-json\/wp\/v2\/pages\/2396\/revisions"}],"predecessor-version":[{"id":3342,"href":"https:\/\/www.21equipment.com\/fr\/wp-json\/wp\/v2\/pages\/2396\/revisions\/3342"}],"wp:attachment":[{"href":"https:\/\/www.21equipment.com\/fr\/wp-json\/wp\/v2\/media?parent=2396"}],"curies":[{"name":"wp","href":"https:\/\/api.w.org\/{rel}","templated":true}]}}